{"id":407,"date":"2018-09-19T23:44:51","date_gmt":"2018-09-19T21:44:51","guid":{"rendered":"https:\/\/cmt-awareness.com\/?page_id=407"},"modified":"2021-09-30T16:42:25","modified_gmt":"2021-09-30T14:42:25","slug":"doctores","status":"publish","type":"page","link":"https:\/\/cmt-awareness.com\/es\/doctores\/","title":{"rendered":"Doctores"},"content":{"rendered":"<div  data-label=\"\u00bfQU\u00c9 ES LA CMT\" data-id=\"content--4\" data-export-id=\"content-12\" data-category=\"content\" class=\"content-12 content-section content-section-spacing content-relative\" id=\"que-es-la-cmt\" style=\"background-color: rgb(255, 255, 255); background-image: none;\"><div  class=\"gridContainer\"> <div  class=\"row text-center\"><div  class=\"section-title-col\" data-type=\"column\"> <h2  class=\"\" style=\"text-align: left;\"><span  style=\"color: rgb(240, 124, 1);\">\u00bfQu\u00e9 es la CMT?<\/span><\/h2> <p  class=\"\" style=\"text-align: left;\">Es una neuropat\u00eda rara, hereditaria y de progresi\u00f3n lenta que terminar\u00eda conoci\u00e9ndose como enfermedad de Charcot-Marie-Tooth (CMT). Fue descrita independientemente en 1886 por Charcot y Marie en Francia <a data-mce-href=\"..\/bibliografia\/\" href=\"https:\/\/cmt-awareness.com\/es\/bibliografia\" target=\"_self\" data-mce-selected=\"inline-boundary\" data-cp-link=\"1\" rel=\"noopener noreferrer\"><sup >(1)<\/sup><\/a>, y por Tooth en Reino Unido<a data-mce-href=\"..\/bibliografia\/\" href=\"https:\/\/cmt-awareness.com\/es\/bibliografia\" target=\"_self\" data-mce-selected=\"inline-boundary\" data-cp-link=\"1\" rel=\"noopener noreferrer\"><sup > (2)<\/sup><\/a>.\n<br ><br >Antes de la biolog\u00eda molecular y las pruebas gen\u00e9ticas, la enfermedad de Charcot-Marie-Tooth (CMT) se clasificaba generalmente en la de tipo 1 (con velocidades de conducci\u00f3n nerviosa anormalmente bajas, indicativas de desmielinizaci\u00f3n) y la de tipo 2 (con velocidades de conducci\u00f3n nerviosa normales, indicativas de degeneraci\u00f3n axonal o neuronal). En 1991, dos grupos de investigaci\u00f3n <a data-mce-href=\"..\/bibliografia\/\" href=\"https:\/\/cmt-awareness.com\/es\/bibliografia\" target=\"_self\" data-mce-selected=\"inline-boundary\" data-cp-link=\"1\" rel=\"noopener noreferrer\"><sup >(3,4)<\/sup><\/a> descubrieron independientemente que la forma m\u00e1s com\u00fan de la enfermedad de Charcot-Marie-Tooth tipo 1 (Tipo 1A, CMT1A; OMIM: 118220; Orphanet: ORPHA101081) se asociaba con una duplicaci\u00f3n de 1.5Mb en el cromosoma 17p11.2, que afecta al gen PMP22 encargado de codificar la prote\u00edna de la mielina perif\u00e9rica 22.<a data-mce-href=\"..\/bibliografia\/\" href=\"https:\/\/cmt-awareness.com\/es\/bibliografia\" target=\"_self\" data-mce-selected=\"inline-boundary\" data-cp-link=\"1\" rel=\"noopener noreferrer\"><sup >(5-7)<\/sup><\/a> La presencia de niveles anormalmente altos, fluctuantes o descompensados <a data-mce-href=\"..\/bibliografia\/\" href=\"https:\/\/cmt-awareness.com\/es\/bibliografia\" target=\"_self\" data-mce-selected=\"inline-boundary\" data-cp-link=\"1\" rel=\"noopener noreferrer\"><sup >(8)<\/sup><\/a> de dicha prote\u00edna desencadena una alteraci\u00f3n de la mielina que, en \u00faltima instancia, provoca la desmielinizaci\u00f3n y la neuropat\u00eda. La prevalencia estimada de la CMT1A es de 1 por cada 5000 habitantes <a data-mce-href=\"..\/bibliografia\/\" href=\"https:\/\/cmt-awareness.com\/es\/bibliografia\" target=\"_self\" data-mce-selected=\"inline-boundary\" data-cp-link=\"1\" rel=\"noopener noreferrer\"><sup >(9)<\/sup><\/a>.<\/p><\/div> <\/div> <div  class=\"row center-xs middle-xs\"> <div  class=\"col-sm-9\" data-type=\"column\"> <\/div> <\/div><\/div> <\/div><div  data-label=\"LOS S\u00cdNTOMAS\" data-id=\"content--2\" data-export-id=\"content-12\" data-category=\"content\" class=\"content-12 content-section content-section-spacing content-relative\" id=\"los-sintomas\" style=\"background-color: rgb(255, 255, 255); background-image: none;\"><div  class=\"gridContainer\"> <div  class=\"row text-center\"><div  class=\"section-title-col\" data-type=\"column\"> <h2  class=\"\" style=\"text-align: left;\"><span  style=\"color: rgb(240, 124, 1);\">\u00bfCu\u00e1les son los s\u00edntomas y los aspectos principales de la CMT y qu\u00e9 impacto tienen?<\/span><\/h2> <p  class=\"\" style=\"text-align: left;\">Si bien la manifestaci\u00f3n cl\u00ednica de la CMT puede ocurrir a cualquier edad, ya en los primeros meses de vida hay presencia de latencias motoras distales prolongadas y se han llegado a describir velocidades de conducci\u00f3n nerviosa (VCN) lentas en algunos individuos a los dos a\u00f1os de edad. Se ha observado que las VCN permanecen estables despu\u00e9s de los seis a\u00f1os de edad.\n<br ><br >El s\u00edntoma t\u00edpico de la CMT es una pobre dorsiflexi\u00f3n del pie. Otros primeros s\u00edntomas f\u00edsicos incluyen reflejos tendinosos reducidos o ausentes en las extremidades inferiores. El cuadro cl\u00ednico tambi\u00e9n incluye t\u00edpicamente marcha equina, pie cavo (un s\u00edntoma presente en hasta un 90 % de los pacientes), p\u00e9rdida sensorial moderada en las extremidades inferiores, debilidad muscular bilateral y atrofia por debajo de la rodilla.\n<br ><br >Los s\u00edntomas en las extremidades superiores incluyen debilidad muscular (que afecta principalmente a los m\u00fasculos intr\u00ednsecos de la mano) y atrofia muscular. En los pacientes con CMT tambi\u00e9n es com\u00fan una destreza manual mermada. Los s\u00edntomas sensoriales son generalmente menos prominentes y pueden presentarse de manera sutil. La sensibilidad alterada suele presentarse con una distribuci\u00f3n en \u00abguante-calcet\u00edn\u00bb, con mayor afectaci\u00f3n en las piernas que en los brazos. La implicaci\u00f3n de nervios sensoriales de fibras grandes se traduce en una p\u00e9rdida propioceptiva y en problemas de equilibrio. El dolor en la CMT es m\u00e1s com\u00fan de lo que previamente se reconoc\u00eda, dado que un 55-70 % informan de su presencia.\nEl dolor es a menudo musculoesquel\u00e9tico, pero puede ser neurop\u00e1tico en algunos casos. M\u00e1s com\u00fanmente, alrededor del 20 % de los pacientes se quejan de dolor musculoesquel\u00e9tico en las extremidades (causado por presi\u00f3n articular\/tendonal y una marcha anormal) o en la espalda (causado por la escoliosis). Las deformidades del pie y los problemas al andar pueden terminar en callosidades dolorosas, ca\u00eddas, esguinces y fracturas.\n<br ><br >Estos s\u00edntomas afectan a la movilidad, a la calidad de vida, a las actividades escolares\/profesionales y a la salud mental. Por ejemplo, se ha informado de que el 18 % de los pacientes con CMT padecen depresi\u00f3n. La debilidad del pie y del tobillo, los problemas de equilibrio, el dolor y la fatiga son, seg\u00fan los pacientes, los s\u00edntomas incapacitantes m\u00e1s importantes que afectan a su calidad de vida. El 60 % de los pacientes adultos y el 24 % de los pacientes pedi\u00e1tricos (en comparaci\u00f3n con el 14 % de la poblaci\u00f3n escolar general) informan de la presencia de fatiga (a menudo infravalorada).\n<br ><br >Las mujeres pueden mostrar un mayor deterioro en la calidad de vida que los hombres. Esta circunstancia puede afectar negativamente a la intenci\u00f3n de tener descendencia.\n<br ><br >Hasta ahora, se hab\u00eda asumido que la esperanza de vida de los pacientes con CMT no se ve\u00eda afectada. Sin embargo, un estudio dan\u00e9s reciente realizado con un grupo grande de pacientes afectados por la CMT, en el que se utilizaron por primera vez registros de datos a nivel nacional, revel\u00f3 un aumento significativo de la mortalidad. Se inform\u00f3 de una tasa de mortalidad un 36 % m\u00e1s elevada en los pacientes diagnosticados con CMT en comparaci\u00f3n con la poblaci\u00f3n general.<\/p><\/div> <\/div> <div  class=\"row center-xs middle-xs\"> <div  class=\"col-sm-9\" data-type=\"column\"> <\/div> <\/div><\/div> <\/div><div  data-label=\"OPCIONES DE TRATAMIENTO\" data-id=\"content--3\" data-export-id=\"content-12\" data-category=\"content\" class=\"content-12 content-section content-section-spacing\" style=\"background-color: rgb(255, 255, 255); background-image: none;\" id=\"opciones-de-tratamiento\"><div  class=\"gridContainer\"> <div  class=\"row text-center\"><div  class=\"section-title-col\" data-type=\"column\"> <h2  class=\"\" style=\"text-align: left;\"><span  style=\"color: rgb(240, 124, 1);\">\u00bfCu\u00e1les son las opciones de tratamiento disponibles?<\/span><\/h2> <p  class=\"\" style=\"text-align: left;\">El tratamiento de la CMT1A es necesariamente multidisciplinar, con intervenci\u00f3n de un neur\u00f3logo que coordina los datos aportados por un especialista en medicina rehabilitadora, un cirujano ortop\u00e9dico, fisioterapeutas y terapeutas ocupacionales.<br >\nDada la actual ausencia de tratamientos curativos o modificadores de la enfermedad, el manejo del paciente con CMT1A es conservador y consiste solo en tratamiento de apoyo. Se basa en una combinaci\u00f3n de ayudas t\u00e9cnicas y dispositivos ortop\u00e9dicos (bastones, f\u00e9rulas, cors\u00e9s, calzado ortop\u00e9dico para corregir la ca\u00edda del pie, etc.), fisioterapia (incluyendo estiramientos para evitar el acortamiento de los tendones), terapia ocupacional, cirug\u00eda ortop\u00e9dica (p.ej., para casos graves de pie cavo) y medicaci\u00f3n sintom\u00e1tica (p. ej., analg\u00e9sicos). <a data-mce-href=\"..\/bibliografia\/\" href=\"https:\/\/cmt-awareness.com\/es\/bibliografia\" target=\"_self\" data-mce-selected=\"inline-boundary\" data-cp-link=\"1\" rel=\"noopener noreferrer\"><sup >(5,11)<\/sup><\/a> Tambi\u00e9n puede ser necesario recurrir a muletas, bastones o sillas de ruedas para la movilidad. El uso de la silla de ruedas ser\u00e1 necesario para una proporci\u00f3n de pacientes.\n<br ><br >Los pacientes deben someterse a pruebas de detecci\u00f3n regulares de \u00falceras por presi\u00f3n en el pie. Se aconseja realizar ejercicio f\u00edsico moderado, siempre que se tolere bien. Debe evitarse la obesidad, dado que dificulta todav\u00eda m\u00e1s los movimientos.\n<br ><br >Por \u00faltimo, los medicamentos asociados con reacciones neurop\u00e1ticas adversas, como agentes de quimioterapia o antibi\u00f3ticos fluoroquinolonas solo deben emplearse cuando sean necesarios. El tratamiento con vincristina (quimioterapia) debe evitarse en todas las circunstancias, ya que puede ser especialmente perjudicial para los nervios perif\u00e9ricos y empeorar gravemente el cuadro cl\u00ednico de la CMT.<a data-mce-href=\"..\/bibliografia\/\" href=\"https:\/\/cmt-awareness.com\/es\/bibliografia\" target=\"_self\" data-mce-selected=\"inline-boundary\" data-cp-link=\"1\" rel=\"noopener noreferrer\"><sup >(5,10)<\/sup><\/a><\/p><\/div> <\/div> <div  class=\"row center-xs middle-xs\"> <div  class=\"col-sm-9\" data-type=\"column\"> <\/div> <\/div><\/div> <\/div><div  data-label=\"Mobilization\" data-id=\"gallery--1\" data-export-id=\"gallery-1\" data-category=\"gallery\" class=\"gallery-1 content-section content-section-spacing white-text\" id=\"mobilization\" style=\"background-color: rgb(0, 158, 223); background-image: none;\"><div  class=\"gridContainer\"> <div  class=\"row\"><div  class=\"section-title-col\" data-type=\"column\"> <h2  class=\"\"><\/h2><h2  class=\"\" style=\"margin-bottom: 2rem; outline-color: rgb(204, 204, 204); outline-style: solid;\">MOVILIZACI\u00d3N PARA REDUCIR EL ERROR DE DIAGN\u00d3STICO<\/h2> <img decoding=\"async\"  class=\"custom-image\" src=\"https:\/\/cmt-awareness.com\/wp-content\/uploads\/2021\/09\/COUVERTURE-1534X396-ESP.jpg\" title=\"COUVERTURE 1534X396 ESP\" alt=\"\"><\/div> <\/div> <div  class=\"row text-center\" data-preview-empty=\"1\"> <\/div> <\/div><\/div><div  data-label=\"Cta\" data-id=\"cta--2\" data-export-id=\"cta-centered-bg-section\" data-category=\"cta\" data-section-ov=\"1\" class=\"cta-centered-bg-section content-section content-section-spacing-medium white-text\" data-parallax-depth=\"20\" id=\"cta-2\" style=\"background-color: rgb(0, 158, 223); background-image: none;\"><div  class=\"gridContainer\"> <div  class=\"row text-center\"><div  data-type=\"column\" class=\"\">  <a class=\"button color2\" href=\"https:\/\/cmt-awareness.com\/es\/movilizaciones-anteriores\" target=\"_self\" data-cp-link=\"1\" data-icon=\"\" rel=\"noopener noreferrer\">MOVILIZACI\u00d3NES ANTERIORES<\/a><a class=\"button color3 square\" href=\"\/category\/blog\" target=\"_self\" data-cp-link=\"1\" data-icon=\"\" rel=\"noopener\">BLOG<\/a><\/div> <\/div><\/div> <\/div><div  data-label=\"Associations\" data-id=\"content--5\" data-export-id=\"content-3\" data-category=\"content\" class=\"content-3 content-section content-section-spacing\" id=\"associations\" style=\"background-color: rgb(255, 255, 255);\"><div > <div  class=\"row middle-xs\"><div  class=\"col-sm-7 full-col-left-padding full-col-right-padding\"> <div  class=\"row\"><div  data-type=\"column\" class=\"space-bottom-small content-title-col\">  <h2  class=\"\">\u00bfD\u00d3NDE SE PUEDE OBTENER M\u00c1S INFORMACI\u00d3N?<\/h2> <p  class=\"\">Algunos m\u00e9dicos de cabecera, neur\u00f3logos y pod\u00f3logos pueden ser conocedores de la existencia, de los s\u00edntomas espec\u00edficos y del abordaje terap\u00e9utico de la CMT.<br >\nPor desgracia, los errores de diagn\u00f3stico son todav\u00eda muy frecuentes en la actualidad.<br >\nDurante las campa\u00f1as de sensibilizaci\u00f3n y en diversos momentos a lo largo del a\u00f1o, cada asociaci\u00f3n europea proporciona informaci\u00f3n y asesoramiento para usted o su familia.<\/p><\/div> <\/div> <div  class=\"row spaced-cols\" data-type=\"row\"> <div  class=\"col-xs-6\" data-type=\"column\"> <h5  class=\"\"><span  style=\"color: rgb(151, 194, 30);\"><a data-mce-href=\"http:\/\/www.acmt-rete.it\/\" href=\"http:\/\/www.acmt-rete.it\" target=\"_blank\" rel=\"noopener noreferrer\" data-mce-selected=\"inline-boundary\" data-cp-link=\"1\" class=\"\">ITALY: ACMT-Rete<\/a><\/span><\/h5> <\/div> <div  class=\"col-xs-6\" data-type=\"column\"><h5  class=\"\"><span  style=\"color: rgb(151, 194, 30);\"><a data-mce-href=\"http:\/\/www.progettomitofusina2.com\/\" href=\"http:\/\/www.progettomitofusina2.com\" target=\"_blank\" rel=\"noopener noreferrer\" data-mce-selected=\"inline-boundary\" data-cp-link=\"1\" class=\"\">ITALY: Progetto Mitofusina 2<\/a><\/span><\/h5> <\/div> <div  class=\"col-xs-6\" data-type=\"column\"><h5  class=\"\"><span  style=\"color: rgb(151, 194, 30);\"><a data-mce-href=\"http:\/\/www.cmt.org.uk\/\" href=\"http:\/\/www.cmt.org.uk\" target=\"_blank\" rel=\"noopener noreferrer\" data-mce-selected=\"inline-boundary\" data-cp-link=\"1\" class=\"\">UK: Charcot-Marie-Tooth<\/a><\/span><\/h5> <\/div> <div  class=\"col-xs-6\" data-type=\"column\"><h5  class=\"\"><span  style=\"color: rgb(151, 194, 30);\"><a data-mce-href=\"http:\/\/www.spierziekten.nl\/\" href=\"http:\/\/www.spierziekten.nl\" target=\"_self\" data-mce-selected=\"inline-boundary\" data-cp-link=\"1\" class=\"\" rel=\"noopener noreferrer\">HOLLAND: Spierziekten Nederland\n<\/a><\/span><\/h5> <\/div> <div  class=\"col-xs-6\" data-type=\"column\"> <h5  class=\"\"><span  style=\"color: rgb(151, 194, 30);\"><a data-mce-href=\"http:\/\/www.spierziektenvlaanderen.be\/\" href=\"http:\/\/www.spierziektenvlaanderen.be\" target=\"_blank\" rel=\"noopener noreferrer\" data-mce-selected=\"inline-boundary\" data-cp-link=\"1\" class=\"\">BELGIUM: Spierziekten Vlaanderen<\/a><\/span><\/h5> <\/div><div  class=\"col-xs-6\" data-type=\"column\"> <h5  class=\"\"><span  style=\"color: rgb(151, 194, 30);\"><a data-mce-href=\"http:\/\/www.cmt-france.org\/\" href=\"http:\/\/www.cmt-france.org\" target=\"_blank\" rel=\"noopener noreferrer\" data-mce-selected=\"inline-boundary\" data-cp-link=\"1\" class=\"\">FRANCE: CMT France<\/a><\/span><\/h5> <\/div><div  class=\"col-xs-6\" data-type=\"column\"> <h5  class=\"\" style=\"text-align: center;\"><span  style=\"color: rgb(10, 1, 1);\"><a data-mce-href=\"http:\/\/www.ecmtf.org\" href=\"http:\/\/www.ecmtf.org\" target=\"_blank\" rel=\"noopener noreferrer\" data-mce-selected=\"inline-boundary\" data-cp-link=\"1\" class=\"\">European CMT Federation \u2013 www.ecmtf.org<\/a><\/span><\/h5> <\/div><\/div><\/div> <div  class=\"col-sm-5 bg-image shadow-large-black revert-classes-holder\" data-bg=\"image\" style=\"background-image: url(&quot;https:\/\/cmt-awareness.com\/wp-content\/uploads\/2018\/10\/soutient.jpg&quot;);\"><\/div><\/div> <\/div><\/div><div  data-label=\"Cta\" data-id=\"cta--1\" data-export-id=\"cta-centered-bg-section\" data-category=\"cta\" data-section-ov=\"1\" class=\"cta-centered-bg-section content-section content-section-spacing-medium white-text\" data-parallax-depth=\"20\" id=\"cta-1\" style=\"background-color: rgb(240, 124, 1); background-image: none;\"><div  class=\"gridContainer\"> <div  class=\"row text-center\"><div  data-type=\"column\" class=\"\"> <h2  class=\"\">\u00a1EL SILENCIO NO ES M\u00c1S POSIBLE!<\/h2> <\/div> <\/div><\/div> <\/div><div  data-label=\"Contact\" data-id=\"contact--1\" data-export-id=\"contact-1\" data-category=\"contact\" class=\"contact-1 content-section content-section-spacing white-text\" data-parallax-depth=\"20\" id=\"contact\" style=\"background-color: rgb(245, 250, 253); background-image: url(&quot;https:\/\/cmt-awareness.com\/wp-content\/uploads\/2018\/09\/1082-1.jpg&quot;); background-size: cover; background-position: center top;\"><div  class=\"gridContainer\"><div  data-section-title-area=\"true\" class=\"row text-center\">   <div  class=\"section-title-col\" data-type=\"column\">       <h2  class=\"\">CONT\u00c1CTENOS<\/h2>       <p  class=\"lead\"><span  style=\"font-weight: 600;\">ECMTF \/ Fondation Universitaire<\/span><br >\n11 Rue D\u2019Egmont \u2013 B-1000 Brussels \u2013 Belgium<\/p>   <p  class=\"lead\">President: Daniel Tanesse (France)<br >\nVice President: Filippo Genovese (Italy)<\/p><\/div><\/div>  <div  class=\"row text-center\"> <div  class=\"col-xs-12 col-sm-8 col-sm-offset-2 contact-form-wrapper inline-info\"> <div  class=\"card large-padding\"> <div  class=\"\" data-content-shortcode=\"mesmerize_contact_form shortcode=&quot;formidable id=2&quot;\" data-editable=\"true\"><link rel='stylesheet' id='formidable-css' href='https:\/\/cmt-awareness.com\/wp-content\/plugins\/formidable\/css\/formidableforms.css?ver=3311502' type='text\/css' media='all' \/>\n<div class=\"frm_forms  with_frm_style frm_style_style-formidable\" id=\"frm_form_2_container\" data-token=\"ba04b1e0b56081ecb098745ec2251744\">\n<form enctype=\"multipart\/form-data\" method=\"post\" class=\"frm-show-form  frm_pro_form  frm_ajax_submit \" id=\"form_contact-form\"  data-token=\"ba04b1e0b56081ecb098745ec2251744\">\n<div class=\"frm_form_fields \">\n<fieldset>\n<legend class=\"frm_screen_reader\">Contact Us (en)<\/legend>\r\n\r\n<div class=\"frm_fields_container\">\n<input type=\"hidden\" name=\"frm_action\" value=\"create\" \/>\n<input type=\"hidden\" name=\"form_id\" value=\"2\" \/>\n<input type=\"hidden\" name=\"frm_hide_fields_2\" id=\"frm_hide_fields_2\" value=\"\" \/>\n<input type=\"hidden\" name=\"form_key\" value=\"contact-form\" \/>\n<input type=\"hidden\" name=\"item_meta[0]\" value=\"\" \/>\n<input type=\"hidden\" id=\"frm_submit_entry_2\" name=\"frm_submit_entry_2\" value=\"261f218890\" \/><input type=\"hidden\" name=\"_wp_http_referer\" value=\"\/es\/wp-json\/wp\/v2\/pages\/407\" \/><div id=\"frm_field_6_container\" class=\"frm_form_field form-field  frm_required_field frm_top_container frm_first frm_half\">\r\n    <label for=\"field_qh4icy2\" class=\"frm_primary_label\">Name\r\n        <span class=\"frm_required\"><\/span>\r\n    <\/label>\r\n    <input type=\"text\" id=\"field_qh4icy2\" name=\"item_meta[6]\" value=\"\"  data-reqmsg=\"Ce champ ne peut pas \u00eatre vide\" aria-required=\"true\" data-invmsg=\"Name est non valide\" aria-invalid=\"false\"   aria-describedby=\"frm_desc_field_qh4icy2\"\/>\r\n    <div class=\"frm_description\" id=\"frm_desc_field_qh4icy2\">First<\/div>\r\n    \r\n<\/div>\n<div id=\"frm_field_7_container\" class=\"frm_form_field form-field  frm_required_field frm_hidden_container frm_half\">\r\n    <label for=\"field_ocfup12\" class=\"frm_primary_label\">Last\r\n        <span class=\"frm_required\"><\/span>\r\n    <\/label>\r\n    <input type=\"text\" id=\"field_ocfup12\" name=\"item_meta[7]\" value=\"\"  data-reqmsg=\"Ce champ ne peut pas \u00eatre vide\" aria-required=\"true\" data-invmsg=\"Last est non valide\" aria-invalid=\"false\"   aria-describedby=\"frm_desc_field_ocfup12\"\/>\r\n    <div class=\"frm_description\" id=\"frm_desc_field_ocfup12\">Last<\/div>\r\n    \r\n<\/div>\n<div id=\"frm_field_8_container\" class=\"frm_form_field form-field  frm_required_field frm_top_container frm_full\">\r\n    <label for=\"field_29yf4d2\" class=\"frm_primary_label\">Email\r\n        <span class=\"frm_required\"><\/span>\r\n    <\/label>\r\n    <input type=\"email\" id=\"field_29yf4d2\" name=\"item_meta[8]\" value=\"\"  data-reqmsg=\"Ce champ ne peut pas \u00eatre vide\" aria-required=\"true\" data-invmsg=\"Please enter a valid email address\" aria-invalid=\"false\"  \/>\r\n    \r\n    \r\n<\/div>\n<div id=\"frm_field_9_container\" class=\"frm_form_field form-field  frm_required_field frm_top_container frm_full\">\r\n    <label for=\"field_e6lis62\" class=\"frm_primary_label\">Subject\r\n        <span class=\"frm_required\"><\/span>\r\n    <\/label>\r\n    <input type=\"text\" id=\"field_e6lis62\" name=\"item_meta[9]\" value=\"\"  data-reqmsg=\"Ce champ ne peut pas \u00eatre vide\" aria-required=\"true\" data-invmsg=\"Subject est non valide\" aria-invalid=\"false\"  \/>\r\n    \r\n    \r\n<\/div>\n<div id=\"frm_field_10_container\" class=\"frm_form_field form-field  frm_required_field frm_top_container frm_full\">\r\n    <label for=\"field_9jv0r12\" class=\"frm_primary_label\">Message\r\n        <span class=\"frm_required\"><\/span>\r\n    <\/label>\r\n    <textarea name=\"item_meta[10]\" id=\"field_9jv0r12\" rows=\"5\"  data-reqmsg=\"Ce champ ne peut pas \u00eatre vide\" aria-required=\"true\" data-invmsg=\"Message no es v\u00e1lido\" aria-invalid=\"false\"  ><\/textarea>\r\n    \r\n    \r\n<\/div>\n<div id=\"frm_field_109_container\" class=\"frm_form_field form-field  frm_none_container\">\n    <label for=\"g-recaptcha-response\" id=\"field_k6st9_label\" class=\"frm_primary_label\">reCAPTCHA\n        <span class=\"frm_required\" aria-hidden=\"true\"><\/span>\n    <\/label>\n    <div id=\"field_k6st9\" class=\"g-recaptcha\" data-sitekey=\"6Lfu058sAAAAADYfprtkHWKpoN_6K-Zab5UTiOmw\" data-size=\"normal\" data-theme=\"light\"><\/div>\n    \n    \n<\/div>\n\t<input type=\"hidden\" name=\"item_key\" value=\"\" \/>\n\t\t\t\t<div class=\"frm_verify\" >\n\t\t\t\t<label for=\"frm_email_2\">\n\t\t\t\t\tSi eres humano, deja este campo en blanco.\t\t\t\t<\/label>\n\t\t\t\t<input type=\"email\" class=\"frm_verify\" id=\"frm_email_2\" name=\"frm_verify\" value=\"\"  \/>\n\t\t\t<\/div>\n\t\t<div class=\"frm_submit\">\r\n\r\n<button class=\"frm_button_submit frm_final_submit\" type=\"submit\"   formnovalidate=\"formnovalidate\">Submit<\/button>\r\n\r\n<\/div><\/div>\n<\/fieldset>\n<\/div>\n<\/form>\n<\/div>\n<\/div><\/div> <\/div><\/div> <\/div><\/div>","protected":false},"excerpt":{"rendered":"<p>\u00bfQu\u00e9 es la CMT? Es una neuropat\u00eda rara, hereditaria y de progresi\u00f3n lenta que terminar\u00eda conoci\u00e9ndose como enfermedad de Charcot-Marie-Tooth (CMT). Fue descrita independientemente en 1886 por Charcot y Marie en Francia (1), y por Tooth en Reino Unido (2). Antes de la biolog\u00eda molecular y las pruebas gen\u00e9ticas, la enfermedad de Charcot-Marie-Tooth (CMT) se&hellip; <br \/> <a class=\"read-more\" href=\"https:\/\/cmt-awareness.com\/es\/doctores\/\">Read more<\/a><\/p>\n","protected":false},"author":9,"featured_media":0,"parent":0,"menu_order":0,"comment_status":"closed","ping_status":"closed","template":"","meta":{"footnotes":""},"class_list":["post-407","page","type-page","status-publish","hentry"],"acf":[],"_links":{"self":[{"href":"https:\/\/cmt-awareness.com\/es\/wp-json\/wp\/v2\/pages\/407","targetHints":{"allow":["GET"]}}],"collection":[{"href":"https:\/\/cmt-awareness.com\/es\/wp-json\/wp\/v2\/pages"}],"about":[{"href":"https:\/\/cmt-awareness.com\/es\/wp-json\/wp\/v2\/types\/page"}],"author":[{"embeddable":true,"href":"https:\/\/cmt-awareness.com\/es\/wp-json\/wp\/v2\/users\/9"}],"replies":[{"embeddable":true,"href":"https:\/\/cmt-awareness.com\/es\/wp-json\/wp\/v2\/comments?post=407"}],"version-history":[{"count":16,"href":"https:\/\/cmt-awareness.com\/es\/wp-json\/wp\/v2\/pages\/407\/revisions"}],"predecessor-version":[{"id":3097,"href":"https:\/\/cmt-awareness.com\/es\/wp-json\/wp\/v2\/pages\/407\/revisions\/3097"}],"wp:attachment":[{"href":"https:\/\/cmt-awareness.com\/es\/wp-json\/wp\/v2\/media?parent=407"}],"curies":[{"name":"wp","href":"https:\/\/api.w.org\/{rel}","templated":true}]}}