{"id":363,"date":"2018-09-19T23:44:51","date_gmt":"2018-09-19T21:44:51","guid":{"rendered":"https:\/\/cmt-awareness.com\/doctors\/"},"modified":"2021-09-30T16:47:59","modified_gmt":"2021-09-30T14:47:59","slug":"medecins","status":"publish","type":"page","link":"https:\/\/cmt-awareness.com\/fr\/medecins\/","title":{"rendered":"M\u00e9decins"},"content":{"rendered":"<div  data-label=\"Qu\u2019est-ce que la CMT ?\" data-id=\"content--4\" data-export-id=\"content-12\" data-category=\"content\" class=\"content-12 content-section content-section-spacing content-relative\" id=\"qu-est-ce-que-la-cmt\" style=\"background-color: rgb(255, 255, 255); background-image: none;\"><div  class=\"gridContainer\"> <div  class=\"row text-center\"><div  class=\"section-title-col\" data-type=\"column\"> <h2  class=\"\" style=\"text-align: left;\"><span  style=\"color: rgb(240, 124, 1);\">Qu\u2019est-ce que la CMT ?<\/span><\/h2> <p  class=\"\" style=\"text-align: left;\">Ces neuropathies rares, h\u00e9r\u00e9ditaires et lentement \u00e9volutives, connues sous le nom des maladies de Charcot-Marie-Tooth (CMT), ont \u00e9t\u00e9 \u00e9tudi\u00e9es de mani\u00e8re ind\u00e9pendante par Charcot et Marie en France <a data-mce-href=\"..\/bibliographie\/\" href=\"https:\/\/cmt-awareness.com\/fr\/bibliographie\" target=\"_self\" data-mce-selected=\"inline-boundary\" data-cp-link=\"1\" rel=\"noopener noreferrer\"><sup >(1)<\/sup><\/a>, et par Tooth au Royaume-Uni<a data-mce-href=\"..\/bibliographie\/\" href=\"https:\/\/cmt-awareness.com\/fr\/bibliographie\" target=\"_self\" data-mce-selected=\"inline-boundary\" data-cp-link=\"1\" rel=\"noopener noreferrer\"><sup > (2)<\/sup><\/a>.\n<br ><br >\nAvant la biologie mol\u00e9culaire et le d\u00e9pistage g\u00e9n\u00e9tique, les maladies de Charcot-Marie-Tooth \u00e9taient class\u00e9es en deux grandes cat\u00e9gories : les CMT de type 1 (avec des vitesses de conduction nerveuse anormalement lentes, ce qui sugg\u00e8re une d\u00e9my\u00e9linisation) et les CMT de type 2 (avec des vitesses de conduction nerveuse normales, ce qui sugg\u00e8re une d\u00e9g\u00e9n\u00e9rescence axonale ou neuronale). En 1991, deux groupes de recherche <a data-mce-href=\"..\/bibliographie\/\" href=\"https:\/\/cmt-awareness.com\/fr\/bibliographie\" target=\"_self\" data-mce-selected=\"inline-boundary\" data-cp-link=\"1\" rel=\"noopener noreferrer\"><sup >(3,4)<\/sup><\/a> ont d\u00e9couvert ind\u00e9pendamment que la forme la plus courante de la maladie de Charcot-Marie-Tooth de Type 1 (Type 1A, CMT1A ; OMIM : 118220 ; Orphanet : ORPHA101081) \u00e9tait associ\u00e9e \u00e0 une duplication de 1,5 Mb sur le chromosome 17p11.2, qui comprend le g\u00e8ne PMP22, la prot\u00e9ine p\u00e9riph\u00e9rique de la myosine <a data-mce-href=\"..\/bibliographie\/\" href=\"https:\/\/cmt-awareness.com\/fr\/bibliographie\" target=\"_self\" data-mce-selected=\"inline-boundary\" data-cp-link=\"1\" rel=\"noopener noreferrer\"><sup >(5-7)<\/sup><\/a>.\n<br ><br >Des taux anormalement \u00e9lev\u00e9s, fluctuants et\/ou d\u00e9r\u00e9gul\u00e9s <a data-mce-href=\"..\/bibliographie\/\" href=\"https:\/\/cmt-awareness.com\/fr\/bibliographie\" target=\"_self\" data-mce-selected=\"inline-boundary\" data-cp-link=\"1\" rel=\"noopener noreferrer\"><sup >(8)<\/sup><\/a> de PMP22 entra\u00eenent une perturbation de la myosine et, finalement, une d\u00e9my\u00e9linisation et une neuropathie. La pr\u00e9valence estim\u00e9e de CMT1A est de 1 pour 5 000 <a data-mce-href=\"..\/bibliographie\/\" href=\"https:\/\/cmt-awareness.com\/fr\/bibliographie\" target=\"_self\" data-mce-selected=\"inline-boundary\" data-cp-link=\"1\" rel=\"noopener noreferrer\"><sup >(9)<\/sup><\/a>.<\/p><\/div> <\/div> <div  class=\"row center-xs middle-xs\"> <div  class=\"col-sm-9\" data-type=\"column\"> <\/div> <\/div><\/div> <\/div><div  data-label=\"SYMPT\u00d4MES ET CARACT\u00c9RISTIQUES MAJEURS\" data-id=\"content--2\" data-export-id=\"content-12\" data-category=\"content\" class=\"content-12 content-section content-section-spacing content-relative\" id=\"symptomes-et-caracteristiques-majeurs\" style=\"background-color: rgb(255, 255, 255); background-image: none;\"><div  class=\"gridContainer\"> <div  class=\"row text-center\"><div  class=\"section-title-col\" data-type=\"column\"> <h2  class=\"\" style=\"text-align: left;\"><span  style=\"color: rgb(240, 124, 1);\">Quels sont les sympt\u00f4mes et caract\u00e9ristiques majeurs de la CMT, et quel impact ont-ils ?<\/span><\/h2> <p  class=\"\" style=\"text-align: left;\">M\u00eame si la CMT peut atteindre des personnes de tous \u00e2ges, des latences motrices distales prolong\u00e9es sont d\u00e9j\u00e0 pr\u00e9sentes lors des premiers mois de vie, et des cas de vitesses de conduction nerveuse lentes ont \u00e9t\u00e9 recens\u00e9s chez certaines personnes \u00e0 l\u2019\u00e2ge de 2 ans. Les vitesses de conduction nerveuses se stabilisent ensuite \u00e0 partir de 6 ans.\n<br ><br >\n\nLe principal signe avant-coureur de la CMT est la faiblesse de la flexion dorsale du pied. Les autres sympt\u00f4mes sont le rel\u00e2chement ou l\u2019absence de r\u00e9flexe tendineux dans les membres inf\u00e9rieurs. Le tableau clinique comprend \u00e9galement le sympt\u00f4me du steppage et du pied creux (un aspect que l\u2019on retrouve chez 90 % des patients), une perte sensorielle dans les membres inf\u00e9rieurs, une faiblesse musculaire bilat\u00e9rale et une atrophie en-dessous du genou.\nLes sympt\u00f4mes constat\u00e9s dans les membres sup\u00e9rieurs se traduisent par une faiblesse et une atrophie musculaire (qui touchent particuli\u00e8rement les muscles intrins\u00e8ques de la main). Il n\u2019est pas rare que la dext\u00e9rit\u00e9 manuelle soit r\u00e9duite chez les patients atteints de CMT. Les sympt\u00f4mes sensoriels sont habituellement moins importants et peuvent \u00eatre subtils. La sensation d\u2019affaiblissement se retrouve g\u00e9n\u00e9ralement dans la distribution nerveuse au niveau des extr\u00e9mit\u00e9s, les jambes \u00e9tant plus fr\u00e9quemment et plus s\u00e9v\u00e8rement touch\u00e9es que les bras. L\u2019implication d\u2019importantes fibres nerveuses sensitives entra\u00eene une perte proprioceptive et ainsi une perte d\u2019\u00e9quilibre. La douleur associ\u00e9e \u00e0 la CMT est plus fr\u00e9quente qu\u2019on ne le pensait, puisqu\u2019elle est signal\u00e9e par 55 \u00e0 70 % des patients.\n<br ><br >La douleur est souvent musculosquelettique mais peut \u00eatre neuropathique dans certains cas. Le plus souvent, environ 20 % des patients se plaignent de douleurs musculosquelettiques dans les membres (caus\u00e9es par la pression articulaire ou tendineuse et la d\u00e9marche anormale) et\/ou dans le dos (caus\u00e9es par la scoliose). Les d\u00e9formations du pied et les troubles de la d\u00e9marche entra\u00eenent la formation de cals douloureux, et provoquent des chutes, des entorses et des fractures.\nCes sympt\u00f4mes impactent la mobilit\u00e9, la qualit\u00e9 de vie, les activit\u00e9s scolaires\/professionnelles ainsi que la sant\u00e9 mentale. Par exemple, 18 % des personnes souffrant de la CMT sont victimes de d\u00e9pression. Les patients ont \u00e9galement indiqu\u00e9 que les sympt\u00f4mes les plus invalidants pour leur vie quotidienne sont une faiblesse dans les pieds et les chevilles, des pertes d\u2019\u00e9quilibre, des douleurs et de l\u2019\u00e9puisement. Ce dernier (souvent peu reconnu) est consid\u00e9r\u00e9 comme grave chez 60 % des patients adultes et 24 % des patients p\u00e9diatriques (contre 14 % pour la population en \u00e2ge d\u2019\u00eatre scolaris\u00e9e).\n\n<br ><br >Les femmes voient leur qualit\u00e9 de vie plus impact\u00e9e que les hommes, ce qui peut causer des difficult\u00e9s \u00e0 procr\u00e9er.\nJusqu\u2019\u00e0 pr\u00e9sent, on pensait que la dur\u00e9e de vie des patients atteints de CMT n\u2019entrait pas jeu. Toutefois, une \u00e9tude danoise r\u00e9cente, la premi\u00e8re \u00e0 utiliser une base de donn\u00e9es nationale, men\u00e9e sur un important groupe de personnes souffrant de la CMT, a r\u00e9v\u00e9l\u00e9 une augmentation du taux de mortalit\u00e9 : 36 % de plus chez les patients atteints de la CMT, par rapport \u00e0 la population globale.<\/p><\/div> <\/div> <div  class=\"row center-xs middle-xs\"> <div  class=\"col-sm-9\" data-type=\"column\"> <\/div> <\/div><\/div> <\/div><div  data-label=\"Quelles sont les options de traitement disponibles ?\" data-id=\"content--3\" data-export-id=\"content-12\" data-category=\"content\" class=\"content-12 content-section content-section-spacing\" id=\"quelles-sont-les-options-de-traitement-disponibles\" style=\"background-color: rgb(255, 255, 255); background-image: none;\"><div  class=\"gridContainer\"> <div  class=\"row text-center\"><div  class=\"section-title-col\" data-type=\"column\"> <h2  class=\"\" style=\"text-align: left;\"><span  style=\"color: rgb(240, 124, 1);\">Quelles sont les options de traitement disponibles ?<\/span><\/h2> <p  class=\"\" style=\"text-align: left;\">Le traitement contre la CMT1A est essentiellement multidisciplinaire : le neurologue coordonne l\u2019intervention d\u2019un sp\u00e9cialiste en m\u00e9decine de r\u00e9adaptation, d\u2019un chirurgien orthop\u00e9diste et d\u2019ergoth\u00e9rapeutes.\n<br ><br >\u00c9tant donn\u00e9e l\u2019absence d\u2019un traitement curatif ou modificateur de la maladie, la gestion des patients atteints de CMT1A est conservatrice et se traduit par des soins de soutien. Les soins sont bas\u00e9s sur une combinaison d\u2019aides techniques et d\u2019appareils orthop\u00e9diques (cannes, attelles, broches, chaussures orthop\u00e9diques pour corriger le steppage, etc.), de kin\u00e9sith\u00e9rapie (y compris des \u00e9tirements pour pr\u00e9venir le raccourcissement des tendons), d\u2019ergoth\u00e9rapie, de chirurgie orthop\u00e9dique (pour les cas s\u00e9v\u00e8res de pieds creux) et de traitement symptomatique (pour soulager la douleur, par exemple).<a data-mce-href=\"..\/bibliographie\/\" href=\"https:\/\/cmt-awareness.com\/fr\/bibliographie\" target=\"_self\" data-mce-selected=\"inline-boundary\" data-cp-link=\"1\" rel=\"noopener noreferrer\"><sup > (5,11)<\/sup><\/a>. Pour aider \u00e0 la mobilit\u00e9, il se peut que l\u2019utilisation de b\u00e9quilles, cannes ou de fauteuils roulant soit n\u00e9cessaire. Pour certains patients, l\u2019utilisation du fauteuil roulant est m\u00eame obligatoire.\nLes patients doivent r\u00e9guli\u00e8rement aller consulter pour pr\u00e9venir l\u2019apparition d\u2019escarres aux pieds. Dans la limite des capacit\u00e9s des patients, il est judicieux d\u2019encourager un effort physique mod\u00e9r\u00e9. De la m\u00eame fa\u00e7on, l\u2019ob\u00e9sit\u00e9 est un facteur aggravant de la maladie, car elle alt\u00e8re la mobilit\u00e9.\n<br ><br >Enfin, les m\u00e9dicaments associ\u00e9s aux effets ind\u00e9sirables neuropathiques, tels que les agents chimioth\u00e9rapeutiques ou les antibiotiques Fluoroquinolone, ne doivent \u00eatre utilis\u00e9s que si n\u00e9cessaire. Le traitement de chimioth\u00e9rapie \u00e0 base de vincristine ne doit en aucun cas \u00eatre utilis\u00e9, car il peut causer des l\u00e9sions pour les nerfs p\u00e9riph\u00e9riques et aggraver la CMT <a data-mce-href=\"..\/bibliographie\/\" href=\"https:\/\/cmt-awareness.com\/fr\/bibliographie\" target=\"_self\" data-mce-selected=\"inline-boundary\" data-cp-link=\"1\" rel=\"noopener noreferrer\"><sup >(5,10)<\/sup><\/a>.<\/p><\/div> <\/div> <div  class=\"row center-xs middle-xs\"> <div  class=\"col-sm-9\" data-type=\"column\"> <\/div> <\/div><\/div> <\/div><div  data-label=\"Mobilisation\" data-id=\"gallery--1\" data-export-id=\"gallery-1\" data-category=\"gallery\" class=\"gallery-1 content-section content-section-spacing white-text\" id=\"mobilization\" style=\"background-color: rgb(0, 158, 223); background-image: none;\"><div  class=\"gridContainer\"> <div  class=\"row\"><div  class=\"section-title-col\" data-type=\"column\"> <h2  class=\"\">MOBILISATION POUR R\u00c9DUIRE LES ERREURS<br >\nDE DIAGNOSTIC<\/h2> <img decoding=\"async\"  class=\"custom-image\" src=\"https:\/\/cmt-awareness.com\/wp-content\/uploads\/2021\/09\/COUVERTURE-1534X396-FR.jpg\" title=\"COUVERTURE 1534X396 FR\" alt=\"\"><\/div> <\/div> <div  class=\"row text-center\" data-preview-empty=\"1\"> <\/div> <\/div><\/div><div  data-label=\"Cta\" data-id=\"cta--2\" data-export-id=\"cta-centered-bg-section\" data-category=\"cta\" data-section-ov=\"1\" class=\"cta-centered-bg-section content-section content-section-spacing-medium white-text\" data-parallax-depth=\"20\" id=\"cta-2\" style=\"background-color: rgb(0, 158, 223); background-image: none;\"><div  class=\"gridContainer\"> <div  class=\"row text-center\"><div  data-type=\"column\" class=\"\">  <a class=\"button color2\" href=\"https:\/\/cmt-awareness.com\/fr\/campagnes-precedentes\" target=\"_self\" data-cp-link=\"1\" data-icon=\"\" rel=\"noopener noreferrer\">CAMPAGNES PR\u00c9C\u00c9DENTES<\/a><a class=\"button color3\" href=\"\/category\/blog\" target=\"_self\" data-cp-link=\"1\" data-icon=\"\" rel=\"noopener\">BLOG<\/a><\/div> <\/div><\/div> <\/div><div  data-label=\"Associations\" data-id=\"content--5\" data-export-id=\"content-3\" data-category=\"content\" class=\"content-3 content-section content-section-spacing\" id=\"associations\" style=\"background-color: rgb(255, 255, 255);\"><div > <div  class=\"row middle-xs\"><div  class=\"col-sm-7 full-col-left-padding full-col-right-padding\"> <div  class=\"row\"><div  data-type=\"column\" class=\"space-bottom-small content-title-col\">  <h2  class=\"\">VERS QUI SE TOURNER POUR EN SAVOIR PLUS ?<\/h2> <p  class=\"\">Les m\u00e9decins g\u00e9n\u00e9ralistes, neurologues, et podologues sont certainement au fait de l\u2019existence de la CMT, ainsi que des sympt\u00f4mes et des soins m\u00e9dicaux appropri\u00e9s. Malheureusement, on recense encore de nombreux cas d\u2019erreur de diagnostic.<br >\n\u00c0 travers des campagnes de sensibilisation et \u00e0 diff\u00e9rents moments de l\u2019ann\u00e9e, chaque association europ\u00e9enne d\u00e9livre des informations et des conseils pour vous et votre famille.<\/p><\/div> <\/div> <div  class=\"row spaced-cols\" data-type=\"row\"> <div  class=\"col-xs-6\" data-type=\"column\"> <h5  class=\"\"><span  style=\"color: rgb(151, 194, 30);\"><a data-mce-href=\"http:\/\/www.acmt-rete.it\/\" href=\"http:\/\/www.acmt-rete.it\" target=\"_blank\" rel=\"noopener noreferrer\" data-mce-selected=\"inline-boundary\" data-cp-link=\"1\" class=\"\">ITALY: ACMT-Rete<\/a><\/span><\/h5> <\/div> <div  class=\"col-xs-6\" data-type=\"column\"><h5  class=\"\"><span  style=\"color: rgb(151, 194, 30);\"><a data-mce-href=\"http:\/\/www.progettomitofusina2.com\/\" href=\"http:\/\/www.progettomitofusina2.com\" target=\"_blank\" rel=\"noopener noreferrer\" data-mce-selected=\"inline-boundary\" data-cp-link=\"1\" class=\"\">ITALY: Progetto Mitofusina 2<\/a><\/span><\/h5> <\/div> <div  class=\"col-xs-6\" data-type=\"column\"><h5  class=\"\"><span  style=\"color: rgb(151, 194, 30);\"><a data-mce-href=\"http:\/\/www.cmt.org.uk\/\" href=\"http:\/\/www.cmt.org.uk\" target=\"_blank\" rel=\"noopener noreferrer\" data-mce-selected=\"inline-boundary\" data-cp-link=\"1\" class=\"\">UK: Charcot-Marie-Tooth<\/a><\/span><\/h5> <\/div> <div  class=\"col-xs-6\" data-type=\"column\"><h5  class=\"\"><span  style=\"color: rgb(151, 194, 30);\"><a data-mce-href=\"http:\/\/www.spierziekten.nl\/\" href=\"http:\/\/www.spierziekten.nl\" target=\"_self\" data-mce-selected=\"inline-boundary\" data-cp-link=\"1\" class=\"\" rel=\"noopener noreferrer\">HOLLAND: Spierziekten Nederland\n<\/a><\/span><\/h5> <\/div> <div  class=\"col-xs-6\" data-type=\"column\"> <h5  class=\"\"><span  style=\"color: rgb(151, 194, 30);\"><a data-mce-href=\"http:\/\/www.spierziektenvlaanderen.be\/\" href=\"http:\/\/www.spierziektenvlaanderen.be\" target=\"_blank\" rel=\"noopener noreferrer\" data-mce-selected=\"inline-boundary\" data-cp-link=\"1\" class=\"\">BELGIUM: Spierziekten Vlaanderen<\/a><\/span><\/h5> <\/div><div  class=\"col-xs-6\" data-type=\"column\"> <h5  class=\"\"><span  style=\"color: rgb(151, 194, 30);\"><a data-mce-href=\"http:\/\/www.cmt-france.org\/\" href=\"http:\/\/www.cmt-france.org\" target=\"_blank\" rel=\"noopener noreferrer\" data-mce-selected=\"inline-boundary\" data-cp-link=\"1\" class=\"\">FRANCE: CMT France<\/a><\/span><\/h5> <\/div><div  class=\"col-xs-6\" data-type=\"column\"> <h5  class=\"\" style=\"text-align: center;\"><span  style=\"color: rgb(10, 1, 1);\"><a data-mce-href=\"http:\/\/www.ecmtf.org\/\" href=\"http:\/\/www.ecmtf.org\" target=\"_blank\" rel=\"noopener noreferrer\" data-mce-selected=\"inline-boundary\" data-cp-link=\"1\" class=\"\">European CMT Federation \u2013 www.ecmtf.org<\/a><\/span><\/h5> <\/div><\/div><\/div> <div  class=\"col-sm-5 bg-image shadow-large-black revert-classes-holder\" data-bg=\"image\" style=\"background-image: url(&quot;https:\/\/cmt-awareness.com\/wp-content\/uploads\/2018\/10\/soutient.jpg&quot;);\"><\/div><\/div> <\/div><\/div><div  data-label=\"Cta\" data-id=\"cta--1\" data-export-id=\"cta-centered-bg-section\" data-category=\"cta\" data-section-ov=\"1\" class=\"cta-centered-bg-section content-section content-section-spacing-medium white-text\" data-parallax-depth=\"20\" id=\"cta-1\" style=\"background-color: rgb(240, 124, 1); background-image: none;\"><div  class=\"gridContainer\"> <div  class=\"row text-center\"><div  data-type=\"column\" class=\"\"> <h2  class=\"\">LE SILENCE N\u2019EST PLUS POSSIBLE<\/h2> <\/div> <\/div><\/div> <\/div><div  data-label=\"Contact\" data-id=\"contact--1\" data-export-id=\"contact-1\" data-category=\"contact\" class=\"contact-1 content-section content-section-spacing white-text\" data-parallax-depth=\"20\" id=\"contact\" style=\"background-color: rgb(245, 250, 253); background-image: url(&quot;https:\/\/cmt-awareness.com\/wp-content\/uploads\/2018\/09\/1082-1.jpg&quot;); background-size: cover; background-position: center top;\"><div  class=\"gridContainer\"><div  data-section-title-area=\"true\" class=\"row text-center\">   <div  class=\"section-title-col\" data-type=\"column\">       <h2  class=\"\">CONTACTEZ-NOUS<\/h2>       <p  class=\"lead\"><span  style=\"font-weight: 600;\">ECMTF \/ Fondation Universitaire<\/span><br >\n11 Rue D\u2019Egmont \u2013 B-1000 Brussels \u2013 Belgium<\/p>   <p  class=\"lead\">President: Daniel Tanesse (France)<br >\nVice President: Filippo Genovese (Italy)<\/p><\/div><\/div>  <div  class=\"row text-center\"> <div  class=\"col-xs-12 col-sm-8 col-sm-offset-2 contact-form-wrapper inline-info\"> <div  class=\"card large-padding\"> <div  class=\"\" data-content-shortcode=\"mesmerize_contact_form shortcode=&quot;formidable id=3&quot;\" data-editable=\"true\"><link rel='stylesheet' id='formidable-css' href='https:\/\/cmt-awareness.com\/wp-content\/plugins\/formidable\/css\/formidableforms.css?ver=3311502' type='text\/css' media='all' \/>\n<div class=\"frm_forms  with_frm_style frm_style_style-formidable\" id=\"frm_form_3_container\" data-token=\"ba04b1e0b56081ecb098745ec2251744\">\n<form enctype=\"multipart\/form-data\" method=\"post\" class=\"frm-show-form  frm_pro_form  frm_ajax_submit \" id=\"form_contact-form2\"  data-token=\"ba04b1e0b56081ecb098745ec2251744\">\n<div class=\"frm_form_fields \">\n<fieldset>\n<legend class=\"frm_screen_reader\">Contactez-nous (fr)<\/legend>\r\n\r\n<div class=\"frm_fields_container\">\n<input type=\"hidden\" name=\"frm_action\" value=\"create\" \/>\n<input type=\"hidden\" name=\"form_id\" value=\"3\" \/>\n<input type=\"hidden\" name=\"frm_hide_fields_3\" id=\"frm_hide_fields_3\" value=\"\" \/>\n<input type=\"hidden\" name=\"form_key\" value=\"contact-form2\" \/>\n<input type=\"hidden\" name=\"item_meta[0]\" value=\"\" \/>\n<input type=\"hidden\" id=\"frm_submit_entry_3\" name=\"frm_submit_entry_3\" value=\"261f218890\" \/><input type=\"hidden\" name=\"_wp_http_referer\" value=\"\/fr\/wp-json\/wp\/v2\/pages\/363\" \/><div id=\"frm_field_11_container\" class=\"frm_form_field form-field  frm_required_field frm_top_container frm_first frm_half\">\r\n    <label for=\"field_qh4icy3\" class=\"frm_primary_label\">Nom\r\n        <span class=\"frm_required\"><\/span>\r\n    <\/label>\r\n    <input type=\"text\" id=\"field_qh4icy3\" name=\"item_meta[11]\" value=\"\"  data-reqmsg=\"Ce champ ne peut pas \u00eatre vide\" aria-required=\"true\" data-invmsg=\"Name est non valide\" aria-invalid=\"false\"  \/>\r\n    \r\n    \r\n<\/div>\n<div id=\"frm_field_12_container\" class=\"frm_form_field form-field  frm_required_field frm_top_container frm_half\">\r\n    <label for=\"field_ocfup13\" class=\"frm_primary_label\">Pr\u00e9nom\r\n        <span class=\"frm_required\"><\/span>\r\n    <\/label>\r\n    <input type=\"text\" id=\"field_ocfup13\" name=\"item_meta[12]\" value=\"\"  data-reqmsg=\"Ce champ ne peut pas \u00eatre vide\" aria-required=\"true\" data-invmsg=\"Last est non valide\" aria-invalid=\"false\"  \/>\r\n    \r\n    \r\n<\/div>\n<div id=\"frm_field_13_container\" class=\"frm_form_field form-field  frm_required_field frm_top_container frm_full\">\r\n    <label for=\"field_29yf4d3\" class=\"frm_primary_label\">Email\r\n        <span class=\"frm_required\"><\/span>\r\n    <\/label>\r\n    <input type=\"email\" id=\"field_29yf4d3\" name=\"item_meta[13]\" value=\"\"  data-reqmsg=\"Ce champ ne peut pas \u00eatre vide\" aria-required=\"true\" data-invmsg=\"Please enter a valid email address\" aria-invalid=\"false\"  \/>\r\n    \r\n    \r\n<\/div>\n<div id=\"frm_field_14_container\" class=\"frm_form_field form-field  frm_required_field frm_top_container frm_full\">\r\n    <label for=\"field_e6lis63\" class=\"frm_primary_label\">Objet\r\n        <span class=\"frm_required\"><\/span>\r\n    <\/label>\r\n    <input type=\"text\" id=\"field_e6lis63\" name=\"item_meta[14]\" value=\"\"  data-reqmsg=\"Ce champ ne peut pas \u00eatre vide\" aria-required=\"true\" data-invmsg=\"Subject est non valide\" aria-invalid=\"false\"  \/>\r\n    \r\n    \r\n<\/div>\n<div id=\"frm_field_15_container\" class=\"frm_form_field form-field  frm_required_field frm_top_container frm_full\">\r\n    <label for=\"field_9jv0r13\" class=\"frm_primary_label\">Message\r\n        <span class=\"frm_required\"><\/span>\r\n    <\/label>\r\n    <textarea name=\"item_meta[15]\" id=\"field_9jv0r13\" rows=\"5\"  data-reqmsg=\"Ce champ ne peut pas \u00eatre vide\" aria-required=\"true\" data-invmsg=\"Message est non valide\" aria-invalid=\"false\"  ><\/textarea>\r\n    \r\n    \r\n<\/div>\n<div id=\"frm_field_108_container\" class=\"frm_form_field form-field  frm_none_container\">\n    <label for=\"g-recaptcha-response\" id=\"field_286io_label\" class=\"frm_primary_label\">reCAPTCHA\n        <span class=\"frm_required\" aria-hidden=\"true\"><\/span>\n    <\/label>\n    <div id=\"field_286io\" class=\"g-recaptcha\" data-sitekey=\"6Lfu058sAAAAADYfprtkHWKpoN_6K-Zab5UTiOmw\" data-size=\"normal\" data-theme=\"light\"><\/div>\n    \n    \n<\/div>\n\t<input type=\"hidden\" name=\"item_key\" value=\"\" \/>\n\t\t\t\t<div class=\"frm_verify\" >\n\t\t\t\t<label for=\"frm_email_3\">\n\t\t\t\t\tSi vous \u00eates un humain, ne remplissez pas ce champ.\t\t\t\t<\/label>\n\t\t\t\t<input type=\"email\" class=\"frm_verify\" id=\"frm_email_3\" name=\"frm_verify\" value=\"\"  \/>\n\t\t\t<\/div>\n\t\t<div class=\"frm_submit\">\r\n\r\n<button class=\"frm_button_submit frm_final_submit\" type=\"submit\"   formnovalidate=\"formnovalidate\">Envoyer<\/button>\r\n\r\n<\/div><\/div>\n<\/fieldset>\n<\/div>\n<\/form>\n<\/div>\n<\/div><\/div> <\/div><\/div> <\/div><\/div>","protected":false},"excerpt":{"rendered":"<p>Qu\u2019est-ce que la CMT ? Ces neuropathies rares, h\u00e9r\u00e9ditaires et lentement \u00e9volutives, connues sous le nom des maladies de Charcot-Marie-Tooth (CMT), ont \u00e9t\u00e9 \u00e9tudi\u00e9es de mani\u00e8re ind\u00e9pendante par Charcot et Marie en France (1), et par Tooth au Royaume-Uni (2). Avant la biologie mol\u00e9culaire et le d\u00e9pistage g\u00e9n\u00e9tique, les maladies de Charcot-Marie-Tooth \u00e9taient class\u00e9es en&hellip; <br \/> <a class=\"read-more\" href=\"https:\/\/cmt-awareness.com\/fr\/medecins\/\">Read more<\/a><\/p>\n","protected":false},"author":9,"featured_media":0,"parent":0,"menu_order":0,"comment_status":"closed","ping_status":"closed","template":"","meta":{"footnotes":""},"class_list":["post-363","page","type-page","status-publish","hentry"],"acf":[],"_links":{"self":[{"href":"https:\/\/cmt-awareness.com\/fr\/wp-json\/wp\/v2\/pages\/363","targetHints":{"allow":["GET"]}}],"collection":[{"href":"https:\/\/cmt-awareness.com\/fr\/wp-json\/wp\/v2\/pages"}],"about":[{"href":"https:\/\/cmt-awareness.com\/fr\/wp-json\/wp\/v2\/types\/page"}],"author":[{"embeddable":true,"href":"https:\/\/cmt-awareness.com\/fr\/wp-json\/wp\/v2\/users\/9"}],"replies":[{"embeddable":true,"href":"https:\/\/cmt-awareness.com\/fr\/wp-json\/wp\/v2\/comments?post=363"}],"version-history":[{"count":16,"href":"https:\/\/cmt-awareness.com\/fr\/wp-json\/wp\/v2\/pages\/363\/revisions"}],"predecessor-version":[{"id":3101,"href":"https:\/\/cmt-awareness.com\/fr\/wp-json\/wp\/v2\/pages\/363\/revisions\/3101"}],"wp:attachment":[{"href":"https:\/\/cmt-awareness.com\/fr\/wp-json\/wp\/v2\/media?parent=363"}],"curies":[{"name":"wp","href":"https:\/\/api.w.org\/{rel}","templated":true}]}}